{"id":1013,"date":"2023-10-16T10:18:23","date_gmt":"2023-10-16T08:18:23","guid":{"rendered":"https:\/\/amillubi.eus\/hasiera-orria\/"},"modified":"2026-04-19T23:02:34","modified_gmt":"2026-04-19T21:02:34","slug":"hasiera-orria","status":"publish","type":"page","link":"https:\/\/amillubi.eus\/es\/","title":{"rendered":"P\u00e1gina principal"},"content":{"rendered":"\n<div class=\"wp-block-cover alignfull is-light\" style=\"margin-top:0;margin-bottom:0;padding-top:var(--wp--preset--spacing--50)\"><span aria-hidden=\"true\" class=\"wp-block-cover__background has-contrast-background-color has-background-dim-0 has-background-dim\"><\/span><img loading=\"lazy\" decoding=\"async\" width=\"1417\" height=\"476\" class=\"wp-block-cover__image-background wp-image-57\" alt=\"\" src=\"https:\/\/amillubi.eus\/wp-content\/uploads\/2023\/10\/Panorama_sin_titulo-2-1.jpeg\" data-object-fit=\"cover\" srcset=\"https:\/\/amillubi.eus\/wp-content\/uploads\/2023\/10\/Panorama_sin_titulo-2-1.jpeg 1417w, https:\/\/amillubi.eus\/wp-content\/uploads\/2023\/10\/Panorama_sin_titulo-2-1-300x101.jpeg 300w, https:\/\/amillubi.eus\/wp-content\/uploads\/2023\/10\/Panorama_sin_titulo-2-1-1024x344.jpeg 1024w, https:\/\/amillubi.eus\/wp-content\/uploads\/2023\/10\/Panorama_sin_titulo-2-1-768x258.jpeg 768w\" sizes=\"auto, (max-width: 1417px) 100vw, 1417px\" \/><div class=\"wp-block-cover__inner-container has-global-padding is-layout-constrained wp-container-core-cover-is-layout-2868ca60 wp-block-cover-is-layout-constrained\">\n<div class=\"wp-block-group alignwide has-global-padding is-layout-constrained wp-block-group-is-layout-constrained\">\n<figure class=\"wp-block-image aligncenter size-full is-resized has-custom-border is-style-default\"><img loading=\"lazy\" decoding=\"async\" src=\"https:\/\/amillubi.eus\/wp-content\/uploads\/2023\/11\/Captura-de-pantalla-2023-11-24-172412-PhotoRoom-3-e1701074751541.png\" alt=\"\" class=\"wp-image-339\" style=\"border-style:none;border-width:0px;border-radius:0px;width:290px;height:143px\" width=\"290\" height=\"143\" srcset=\"https:\/\/amillubi.eus\/wp-content\/uploads\/2023\/11\/Captura-de-pantalla-2023-11-24-172412-PhotoRoom-3-e1701074751541.png 945w, https:\/\/amillubi.eus\/wp-content\/uploads\/2023\/11\/Captura-de-pantalla-2023-11-24-172412-PhotoRoom-3-e1701074751541-300x148.png 300w, https:\/\/amillubi.eus\/wp-content\/uploads\/2023\/11\/Captura-de-pantalla-2023-11-24-172412-PhotoRoom-3-e1701074751541-768x380.png 768w\" sizes=\"auto, (max-width: 290px) 100vw, 290px\" \/><\/figure>\n<\/div>\n\n\n\n<p class=\"has-text-align-center has-base-color has-text-color\"><\/p>\n\n\n\n<div class=\"wp-block-buttons is-content-justification-center is-layout-flex wp-container-core-buttons-is-layout-d2eda588 wp-block-buttons-is-layout-flex\" style=\"margin-top:var(--wp--preset--spacing--30);margin-bottom:var(--wp--preset--spacing--30)\">\n<div class=\"wp-block-button has-custom-font-size is-style-fill has-medium-font-size\"><a class=\"wp-block-button__link has-base-color has-text-color has-background wp-element-button\" href=\"https:\/\/amillubi.eus\/es\/como-apoyar\/\" style=\"background-color:#c27811d9;padding-top:9px;padding-right:50px;padding-bottom:9px;padding-left:50px\"><strong>\u00bfC\u00d3MO APOYAR?<\/strong><\/a><\/div>\n<\/div>\n<\/div><\/div>\n\n\n\n<div class=\"wp-block-columns alignfull is-layout-flex wp-container-core-columns-is-layout-2fc26b75 wp-block-columns-is-layout-flex\" style=\"padding-top:var(--wp--preset--spacing--40);padding-right:var(--wp--preset--spacing--30);padding-bottom:var(--wp--preset--spacing--15);padding-left:var(--wp--preset--spacing--30)\">\n<div class=\"wp-block-column is-layout-flow wp-block-column-is-layout-flow\">\n<h2 class=\"wp-block-heading has-text-align-left has-x-large-font-size\">AMILLUBI<\/h2>\n\n\n\n<p>El proyecto <em>Amillubi<\/em> nace con el objetivo de convertir la tierra que nos sostiene en un bien colectivo. Somos un movimiento agroecol\u00f3gico que busca proteger la tierra, para que las personas que se dedican a la agricultura tengan tierras que cultivar y la ciudadan\u00eda alimentos.  <\/p>\n\n\n\n<div class=\"wp-block-buttons is-content-justification-center is-layout-flex wp-container-core-buttons-is-layout-a89b3969 wp-block-buttons-is-layout-flex\">\n<div class=\"wp-block-button\"><a class=\"wp-block-button__link wp-element-button\" href=\"https:\/\/amillubi.eus\/es\/como-apoyar\/\"><strong><strong>\u00bfC\u00d3MO APOYAR?<\/strong><\/strong><\/a><\/div>\n<\/div>\n<\/div>\n\n\n\n<div class=\"wp-block-column is-layout-flow wp-block-column-is-layout-flow\">\n<figure class=\"wp-block-embed is-type-video is-provider-vimeo wp-block-embed-vimeo wp-embed-aspect-16-9 wp-has-aspect-ratio\"><div class=\"wp-block-embed__wrapper\">\n<iframe loading=\"lazy\" title=\"Amillubi Lurra Taupaka\" src=\"https:\/\/player.vimeo.com\/video\/1055732221?dnt=1&amp;app_id=122963\" width=\"500\" height=\"281\" frameborder=\"0\" allow=\"autoplay; fullscreen; picture-in-picture; clipboard-write; encrypted-media; web-share\" referrerpolicy=\"strict-origin-when-cross-origin\"><\/iframe>\n<\/div><\/figure>\n<\/div>\n<\/div>\n\n\n\n<div class=\"wp-block-group alignwide has-global-padding is-layout-constrained wp-container-core-group-is-layout-032e49b4 wp-block-group-is-layout-constrained\" style=\"padding-top:var(--wp--preset--spacing--50);padding-right:var(--wp--preset--spacing--40);padding-bottom:var(--wp--preset--spacing--30);padding-left:var(--wp--preset--spacing--40)\">\n<div class=\"wp-block-media-text alignwide has-media-on-the-right is-stacked-on-mobile is-vertically-aligned-center\" style=\"margin-right:0;margin-left:0;padding-right:0;padding-bottom:var(--wp--preset--spacing--30);padding-left:0;grid-template-columns:auto 60%\"><div class=\"wp-block-media-text__content\">\n<div class=\"wp-block-group has-global-padding is-layout-constrained wp-container-core-group-is-layout-66f878b9 wp-block-group-is-layout-constrained\" style=\"padding-top:0;padding-right:var(--wp--preset--spacing--40);padding-bottom:var(--wp--preset--spacing--50);padding-left:0\">\n<h2 class=\"wp-block-heading has-text-align-left has-text-color has-x-large-font-size\" style=\"color:#9c5b1a\"><a href=\"https:\/\/amillubi.eus\/es\/quienes-somos\/\" data-type=\"link\" data-id=\"https:\/\/amillubi.eus\/nor-gara\/\">Qui\u00e9nes somos<\/a><\/h2>\n\n\n\n<p class=\"has-text-color has-medium-font-size\" style=\"color:#4f3623\">El proyecto Amillubi est\u00e1 promovido por la asociaci\u00f3n sin animo de lucro <strong>Biolur<\/strong>, creada en 1993 para el fomento de <strong>la agricultura y la ganader\u00eda ecol\u00f3gica<\/strong>. <\/p>\n\n\n\n<p class=\"has-text-color has-medium-font-size\" style=\"color:#4f3623\">Gracias a las colaboraciones desarrolladas por la misma durante su trayectoria se ha creado el <strong><a href=\"https:\/\/amillubi.eus\/es\/miembros-del-grupo-motor\/\">Grupo Motor de Amillubi<\/a><\/strong>. <\/p>\n\n\n\n<p class=\"has-text-color has-medium-font-size\" style=\"color:#4f3623\"><a href=\"https:\/\/amillubi.eus\/es\/quienes-somos\/\" data-type=\"link\" data-id=\"https:\/\/amillubi.eus\/nor-gara\/\">+INFO<\/a> <\/p>\n<\/div>\n<\/div><figure class=\"wp-block-media-text__media\"><img loading=\"lazy\" decoding=\"async\" width=\"1024\" height=\"583\" src=\"https:\/\/amillubi.eus\/wp-content\/uploads\/2023\/10\/Slide2-e1701360712461-1024x583.jpg\" alt=\"\" class=\"wp-image-45 size-full\" srcset=\"https:\/\/amillubi.eus\/wp-content\/uploads\/2023\/10\/Slide2-e1701360712461-1024x583.jpg 1024w, https:\/\/amillubi.eus\/wp-content\/uploads\/2023\/10\/Slide2-e1701360712461-300x171.jpg 300w, https:\/\/amillubi.eus\/wp-content\/uploads\/2023\/10\/Slide2-e1701360712461-768x437.jpg 768w, https:\/\/amillubi.eus\/wp-content\/uploads\/2023\/10\/Slide2-e1701360712461.jpg 1265w\" sizes=\"auto, (max-width: 1024px) 100vw, 1024px\" \/><\/figure><\/div>\n\n\n\n<div class=\"wp-block-media-text alignwide has-media-on-the-right is-stacked-on-mobile is-vertically-aligned-center\" style=\"margin-right:0;margin-bottom:0;margin-left:0;padding-right:0;padding-left:0;grid-template-columns:auto 60%\"><div class=\"wp-block-media-text__content\">\n<div class=\"wp-block-group has-global-padding is-layout-constrained wp-container-core-group-is-layout-66f878b9 wp-block-group-is-layout-constrained\" style=\"padding-top:0;padding-right:var(--wp--preset--spacing--40);padding-bottom:var(--wp--preset--spacing--50);padding-left:0\">\n<h2 class=\"wp-block-heading has-text-align-left has-text-color has-x-large-font-size\" style=\"color:#9c5b1a\"><a href=\"http:\/\/amillubi.eus\/babesleak-2\/\" data-type=\"link\" data-id=\"amillubi.eus\/babesleak-2\/\">Nuestra comunidad<\/a><\/h2>\n\n\n\n<p class=\"has-text-color has-medium-font-size\" style=\"color:#4f3623\">Amillubi y su trayectoria estrat\u00e9gica requieren colaboraciones concretas y un amplio apoyo popular. Si como agente quieres saber qu\u00e9 hacer para proteger y apoyar Amillubi ponte en contacto: \u00a1\u00danete a la Red Amillubi!  <\/p>\n\n\n\n<p class=\"has-text-color has-medium-font-size\" style=\"color:#4f3623\"> <a href=\"https:\/\/amillubi.eus\/babesleak-2\/\" data-type=\"link\" data-id=\"https:\/\/amillubi.eus\/babesleak-2\/\">+INFO<\/a><\/p>\n<\/div>\n<\/div><figure class=\"wp-block-media-text__media\"><img loading=\"lazy\" decoding=\"async\" width=\"567\" height=\"378\" src=\"https:\/\/amillubi.eus\/wp-content\/uploads\/2023\/12\/amillubi_sarea-1.jpg\" alt=\"\" class=\"wp-image-507 size-full\" srcset=\"https:\/\/amillubi.eus\/wp-content\/uploads\/2023\/12\/amillubi_sarea-1.jpg 567w, https:\/\/amillubi.eus\/wp-content\/uploads\/2023\/12\/amillubi_sarea-1-300x200.jpg 300w\" sizes=\"auto, (max-width: 567px) 100vw, 567px\" \/><\/figure><\/div>\n\n\n\n<div class=\"wp-block-media-text alignwide has-media-on-the-right is-stacked-on-mobile is-vertically-aligned-center\" style=\"margin-right:0;margin-left:0;padding-top:var(--wp--preset--spacing--15);padding-right:0;padding-bottom:var(--wp--preset--spacing--40);padding-left:0;grid-template-columns:auto 60%\"><div class=\"wp-block-media-text__content\">\n<div class=\"wp-block-group has-global-padding is-layout-constrained wp-container-core-group-is-layout-66f878b9 wp-block-group-is-layout-constrained\" style=\"padding-top:0;padding-right:var(--wp--preset--spacing--40);padding-bottom:var(--wp--preset--spacing--50);padding-left:0\">\n<h2 class=\"wp-block-heading has-text-align-left has-text-color has-x-large-font-size\" style=\"color:#9c5b1a\"><a href=\"https:\/\/amillubi.eus\/es\/proyectos\/\" data-type=\"link\" data-id=\"https:\/\/amillubi.eus\/proiektuak\/\">Proyectos<\/a><\/h2>\n\n\n\n<p class=\"has-text-color has-medium-font-size\" style=\"color:#4f3623\">Desde el grupo motor de Amillubi estamos identificando, definiendo y trabajando diferentes necesidades en colaboraci\u00f3n con <strong>agentes de diferentes sectores<\/strong>. Teniendo en cuenta que estamos en fase de compra, hemos clasificado las <strong>l\u00edneas de trabajo en dos tiempos:<\/strong> proyectos a corto plazo y l\u00edneas de trabajo a largo plazo.<\/p>\n\n\n\n<p class=\"has-text-color has-medium-font-size\" style=\"color:#4f3623\"><a href=\"https:\/\/amillubi.eus\/es\/proyectos\/\" data-type=\"link\" data-id=\"https:\/\/amillubi.eus\/proiektuak\/\">+INFO<\/a> <\/p>\n<\/div>\n<\/div><figure class=\"wp-block-media-text__media\"><img loading=\"lazy\" decoding=\"async\" width=\"1024\" height=\"518\" src=\"https:\/\/amillubi.eus\/wp-content\/uploads\/2024\/06\/aa-1024x518.jpeg\" alt=\"\" class=\"wp-image-801 size-full\" srcset=\"https:\/\/amillubi.eus\/wp-content\/uploads\/2024\/06\/aa-1024x518.jpeg 1024w, https:\/\/amillubi.eus\/wp-content\/uploads\/2024\/06\/aa-300x152.jpeg 300w, https:\/\/amillubi.eus\/wp-content\/uploads\/2024\/06\/aa-768x389.jpeg 768w, https:\/\/amillubi.eus\/wp-content\/uploads\/2024\/06\/aa.jpeg 1280w\" sizes=\"auto, (max-width: 1024px) 100vw, 1024px\" \/><\/figure><\/div>\n<\/div>\n\n\n\n<div class=\"wp-block-group alignwide has-global-padding is-layout-constrained wp-container-core-group-is-layout-f5c20195 wp-block-group-is-layout-constrained\" style=\"padding-top:0;padding-right:0;padding-bottom:0;padding-left:0\">\n<div class=\"wp-block-columns alignwide is-layout-flex wp-container-core-columns-is-layout-fbd9bfe4 wp-block-columns-is-layout-flex\" style=\"padding-top:var(--wp--preset--spacing--30);padding-right:var(--wp--preset--spacing--30);padding-left:var(--wp--preset--spacing--30)\">\n<div class=\"wp-block-column is-layout-flow wp-block-column-is-layout-flow\">\n<div class=\"wp-block-group is-vertical is-layout-flex wp-container-core-group-is-layout-fe9cc265 wp-block-group-is-layout-flex\">\n<figure class=\"wp-block-image size-full\"><a href=\"https:\/\/amillubi.eus\/es\/por-que-amillubi\/\"><img loading=\"lazy\" decoding=\"async\" width=\"312\" height=\"369\" src=\"https:\/\/amillubi.eus\/wp-content\/uploads\/2023\/11\/5.png\" alt=\"\" class=\"wp-image-98\" style=\"aspect-ratio:3\/4;object-fit:cover\" srcset=\"https:\/\/amillubi.eus\/wp-content\/uploads\/2023\/11\/5.png 312w, https:\/\/amillubi.eus\/wp-content\/uploads\/2023\/11\/5-254x300.png 254w\" sizes=\"auto, (max-width: 312px) 100vw, 312px\" \/><\/a><\/figure>\n\n\n\n<h4 class=\"wp-block-heading has-text-align-left has-custom-color-2-color has-text-color\"><a href=\"https:\/\/amillubi.eus\/es\/por-que-amillubi\/\" data-type=\"page\" data-id=\"117\">\u00bfPor qu\u00e9 Amillubi?<\/a> <\/h4>\n\n\n\n<p class=\"has-text-color\" style=\"color:#4f3623\">El caser\u00edo Amilibia y sus terrenos, situados en el barrio de Iraeta en Zestoa, Gipuzkoa, son perfectos para sembrar la primera semilla. Las tierras de Amillubi se encuentran en un meandro, lo que las hace especiales, tenemos entre manos la opci\u00f3n de proteger este patrimonio para generar alimentos de calidad.  <a href=\"http:\/\/amillubi.eus\/zergatik-amillubi\/\" data-type=\"link\" data-id=\"amillubi.eus\/zergatik-amillubi\/\">INFO+<\/a><\/p>\n<\/div>\n<\/div>\n\n\n\n<div class=\"wp-block-column is-layout-flow wp-block-column-is-layout-flow\">\n<div class=\"wp-block-group is-vertical is-layout-flex wp-container-core-group-is-layout-fe9cc265 wp-block-group-is-layout-flex\">\n<figure class=\"wp-block-image size-full\"><a href=\"https:\/\/amillubi.eus\/es\/para-que\/\"><img loading=\"lazy\" decoding=\"async\" width=\"312\" height=\"369\" src=\"https:\/\/amillubi.eus\/wp-content\/uploads\/2023\/11\/9.png\" alt=\"\" class=\"wp-image-97\" style=\"aspect-ratio:3\/4;object-fit:cover\" srcset=\"https:\/\/amillubi.eus\/wp-content\/uploads\/2023\/11\/9.png 312w, https:\/\/amillubi.eus\/wp-content\/uploads\/2023\/11\/9-254x300.png 254w\" sizes=\"auto, (max-width: 312px) 100vw, 312px\" \/><\/a><\/figure>\n\n\n\n<h4 class=\"wp-block-heading has-text-align-left has-custom-color-2-color has-text-color\"><a href=\"https:\/\/amillubi.eus\/es\/para-que\/\" data-type=\"page\" data-id=\"125\">\u00bfPara qu\u00e9?<\/a><\/h4>\n\n\n\n<p class=\"has-text-color\" style=\"color:#4f3623\">Vamos a comprar el caser\u00edo Amilibia y sus tierras, porque creemos que es necesario proteger las pocas tierras f\u00e9rtiles que quedan para garantizar los alimentos tuyos, nuestros y de las personas que vengan. <a href=\"http:\/\/amillubi.eus\/zer-egingo-dugu\/\" data-type=\"link\" data-id=\"amillubi.eus\/zer-egingo-dugu\/\">INFO+<\/a><\/p>\n<\/div>\n<\/div>\n\n\n\n<div class=\"wp-block-column is-layout-flow wp-block-column-is-layout-flow\">\n<div class=\"wp-block-group is-vertical is-layout-flex wp-container-core-group-is-layout-fe9cc265 wp-block-group-is-layout-flex\">\n<figure class=\"wp-block-image size-full\"><a href=\"https:\/\/amillubi.eus\/es\/como-apoyar\/\"><img loading=\"lazy\" decoding=\"async\" width=\"312\" height=\"369\" src=\"https:\/\/amillubi.eus\/wp-content\/uploads\/2023\/11\/1.png\" alt=\"\" class=\"wp-image-99\" style=\"aspect-ratio:3\/4;object-fit:cover\" srcset=\"https:\/\/amillubi.eus\/wp-content\/uploads\/2023\/11\/1.png 312w, https:\/\/amillubi.eus\/wp-content\/uploads\/2023\/11\/1-254x300.png 254w\" sizes=\"auto, (max-width: 312px) 100vw, 312px\" \/><\/a><\/figure>\n\n\n\n<h4 class=\"wp-block-heading has-text-align-left\"><a href=\"https:\/\/amillubi.eus\/es\/como-apoyar\/\" data-type=\"page\" data-id=\"128\"> \u00bfC\u00f3mo apoyar?<\/a><\/h4>\n\n\n\n<p class=\"has-text-color\" style=\"color:#4f3623\">Apoyar al proyecto, proteger Amillubi, es proteger la tierra que nos sostiene. En Amillubi la tierra ha empezado a latir, \u00a1ay\u00fadanos a fortalecer esos latidos!   <a href=\"http:\/\/amillubi.eus\/nola-lagun-gaitzakezu\/\" data-type=\"link\" data-id=\"amillubi.eus\/nola-lagun-gaitzakezu\/\">INFO+<\/a><\/p>\n<\/div>\n<\/div>\n<\/div>\n<\/div>\n\n\n\n<p><\/p>\n\n\n\n<h2 class=\"wp-block-heading has-text-align-left has-large-font-size\" style=\"margin-top:0;margin-right:var(--wp--preset--spacing--40);margin-bottom:0;margin-left:var(--wp--preset--spacing--40)\">Noticias<\/h2>\n\n\n\n<div class=\"wp-block-group alignwide has-global-padding is-layout-constrained wp-container-core-group-is-layout-86aa1582 wp-block-group-is-layout-constrained\" style=\"padding-top:var(--wp--preset--spacing--30);padding-right:0;padding-bottom:0;padding-left:0\">\n<div class=\"wp-block-query alignfull is-layout-flow wp-block-query-is-layout-flow\">\n<div class=\"wp-block-group alignwide variations-posts-grid has-global-padding is-layout-constrained wp-container-core-group-is-layout-515bc409 wp-block-group-is-layout-constrained\" style=\"margin-top:0;margin-bottom:0;padding-top:0;padding-right:var(--wp--preset--spacing--30);padding-bottom:0;padding-left:var(--wp--preset--spacing--30)\">\n\n\n<div class=\"wp-block-group alignwide has-global-padding is-layout-constrained wp-container-core-group-is-layout-40189a46 wp-block-group-is-layout-constrained\" style=\"margin-top:var(--wp--preset--spacing--30);padding-top:var(--wp--preset--spacing--30);padding-right:0;padding-bottom:var(--wp--preset--spacing--30);padding-left:0\"><\/div>\n<\/div>\n<\/div>\n<\/div>\n\n\n\n<div class=\"wp-block-group alignwide has-global-padding is-layout-constrained wp-container-core-group-is-layout-ce02d4d4 wp-block-group-is-layout-constrained\" style=\"padding-top:0;padding-bottom:0\">\n<div class=\"wp-block-columns alignwide is-layout-flex wp-container-core-columns-is-layout-2b451f21 wp-block-columns-is-layout-flex\" style=\"margin-top:0;margin-bottom:var(--wp--preset--spacing--30)\">\n<div class=\"wp-block-column is-layout-flow wp-block-column-is-layout-flow\" style=\"padding-right:0;padding-bottom:var(--wp--preset--spacing--50);padding-left:0;flex-basis:33.33%\">\n<h2 class=\"wp-block-heading\">Contacto<\/h2>\n\n\n\n<div class=\"wp-block-media-text has-small-font-size\" style=\"margin-top:var(--wp--preset--spacing--40);padding-top:0;padding-right:0;padding-bottom:0;padding-left:0;grid-template-columns:15% auto\"><figure class=\"wp-block-media-text__media\"><img decoding=\"async\" src=\"https:\/\/amillubi.eus\/wp-content\/themes\/variations\/assets\/images\/contact\/phone-solid.png\" alt=\"\" class=\"wp-image-333 size-full\"\/><\/figure><div class=\"wp-block-media-text__content\">\n<p>943 76 14 47<\/p>\n<\/div><\/div>\n\n\n\n<div class=\"wp-block-media-text\" style=\"grid-template-columns:15% auto\"><figure class=\"wp-block-media-text__media\"><img decoding=\"async\" src=\"https:\/\/amillubi.eus\/wp-content\/themes\/variations\/assets\/images\/contact\/envelope-solid.png\" alt=\"\" class=\"wp-image-334 size-full\"\/><\/figure><div class=\"wp-block-media-text__content\">\n<p class=\"has-small-font-size\">info@amillubi.eus<\/p>\n<\/div><\/div>\n\n\n\n<div class=\"wp-block-media-text\" style=\"grid-template-columns:15% auto\"><figure class=\"wp-block-media-text__media\"><img decoding=\"async\" src=\"https:\/\/amillubi.eus\/wp-content\/themes\/variations\/assets\/images\/contact\/location-pin-solid.png\" alt=\"\" class=\"wp-image-335 size-full\"\/><\/figure><div class=\"wp-block-media-text__content\">\n<p class=\"has-small-font-size\">Barrio Iraeta &#8211; Zestoa (Gipuzkoa)<\/p>\n<\/div><\/div>\n\n\n\n<div style=\"height:15px\" aria-hidden=\"true\" class=\"wp-block-spacer\"><\/div>\n\n\n\n<p><strong>S\u00edguenos:<\/strong><\/p>\n\n\n\n<ul class=\"wp-block-social-links has-icon-color has-icon-background-color is-layout-flex wp-container-core-social-links-is-layout-f8971708 wp-block-social-links-is-layout-flex\"><li style=\"color: #ffffff; background-color: #74a84a; \" class=\"wp-social-link wp-social-link-instagram has-base-color wp-block-social-link\"><a href=\"https:\/\/www.instagram.com\/amillubi\/\" class=\"wp-block-social-link-anchor\"><svg width=\"24\" height=\"24\" viewBox=\"0 0 24 24\" version=\"1.1\" xmlns=\"http:\/\/www.w3.org\/2000\/svg\" aria-hidden=\"true\" focusable=\"false\"><path d=\"M12,4.622c2.403,0,2.688,0.009,3.637,0.052c0.877,0.04,1.354,0.187,1.671,0.31c0.42,0.163,0.72,0.358,1.035,0.673 c0.315,0.315,0.51,0.615,0.673,1.035c0.123,0.317,0.27,0.794,0.31,1.671c0.043,0.949,0.052,1.234,0.052,3.637 s-0.009,2.688-0.052,3.637c-0.04,0.877-0.187,1.354-0.31,1.671c-0.163,0.42-0.358,0.72-0.673,1.035 c-0.315,0.315-0.615,0.51-1.035,0.673c-0.317,0.123-0.794,0.27-1.671,0.31c-0.949,0.043-1.233,0.052-3.637,0.052 s-2.688-0.009-3.637-0.052c-0.877-0.04-1.354-0.187-1.671-0.31c-0.42-0.163-0.72-0.358-1.035-0.673 c-0.315-0.315-0.51-0.615-0.673-1.035c-0.123-0.317-0.27-0.794-0.31-1.671C4.631,14.688,4.622,14.403,4.622,12 s0.009-2.688,0.052-3.637c0.04-0.877,0.187-1.354,0.31-1.671c0.163-0.42,0.358-0.72,0.673-1.035 c0.315-0.315,0.615-0.51,1.035-0.673c0.317-0.123,0.794-0.27,1.671-0.31C9.312,4.631,9.597,4.622,12,4.622 M12,3 C9.556,3,9.249,3.01,8.289,3.054C7.331,3.098,6.677,3.25,6.105,3.472C5.513,3.702,5.011,4.01,4.511,4.511 c-0.5,0.5-0.808,1.002-1.038,1.594C3.25,6.677,3.098,7.331,3.054,8.289C3.01,9.249,3,9.556,3,12c0,2.444,0.01,2.751,0.054,3.711 c0.044,0.958,0.196,1.612,0.418,2.185c0.23,0.592,0.538,1.094,1.038,1.594c0.5,0.5,1.002,0.808,1.594,1.038 c0.572,0.222,1.227,0.375,2.185,0.418C9.249,20.99,9.556,21,12,21s2.751-0.01,3.711-0.054c0.958-0.044,1.612-0.196,2.185-0.418 c0.592-0.23,1.094-0.538,1.594-1.038c0.5-0.5,0.808-1.002,1.038-1.594c0.222-0.572,0.375-1.227,0.418-2.185 C20.99,14.751,21,14.444,21,12s-0.01-2.751-0.054-3.711c-0.044-0.958-0.196-1.612-0.418-2.185c-0.23-0.592-0.538-1.094-1.038-1.594 c-0.5-0.5-1.002-0.808-1.594-1.038c-0.572-0.222-1.227-0.375-2.185-0.418C14.751,3.01,14.444,3,12,3L12,3z M12,7.378 c-2.552,0-4.622,2.069-4.622,4.622S9.448,16.622,12,16.622s4.622-2.069,4.622-4.622S14.552,7.378,12,7.378z M12,15 c-1.657,0-3-1.343-3-3s1.343-3,3-3s3,1.343,3,3S13.657,15,12,15z M16.804,6.116c-0.596,0-1.08,0.484-1.08,1.08 s0.484,1.08,1.08,1.08c0.596,0,1.08-0.484,1.08-1.08S17.401,6.116,16.804,6.116z\"><\/path><\/svg><span class=\"wp-block-social-link-label screen-reader-text\">Instagram<\/span><\/a><\/li>\n\n<li style=\"color: #ffffff; background-color: #74a84a; \" class=\"wp-social-link wp-social-link-facebook has-base-color wp-block-social-link\"><a href=\"https:\/\/www.facebook.com\/profile.php?id=61554246202635\" class=\"wp-block-social-link-anchor\"><svg width=\"24\" height=\"24\" viewBox=\"0 0 24 24\" version=\"1.1\" xmlns=\"http:\/\/www.w3.org\/2000\/svg\" aria-hidden=\"true\" focusable=\"false\"><path d=\"M12 2C6.5 2 2 6.5 2 12c0 5 3.7 9.1 8.4 9.9v-7H7.9V12h2.5V9.8c0-2.5 1.5-3.9 3.8-3.9 1.1 0 2.2.2 2.2.2v2.5h-1.3c-1.2 0-1.6.8-1.6 1.6V12h2.8l-.4 2.9h-2.3v7C18.3 21.1 22 17 22 12c0-5.5-4.5-10-10-10z\"><\/path><\/svg><span class=\"wp-block-social-link-label screen-reader-text\">Facebook<\/span><\/a><\/li>\n\n<li style=\"color: #ffffff; background-color: #74a84a; \" class=\"wp-social-link wp-social-link-twitter has-base-color wp-block-social-link\"><a href=\"https:\/\/twitter.com\/amillubi\" class=\"wp-block-social-link-anchor\"><svg width=\"24\" height=\"24\" viewBox=\"0 0 24 24\" version=\"1.1\" xmlns=\"http:\/\/www.w3.org\/2000\/svg\" aria-hidden=\"true\" focusable=\"false\"><path d=\"M22.23,5.924c-0.736,0.326-1.527,0.547-2.357,0.646c0.847-0.508,1.498-1.312,1.804-2.27 c-0.793,0.47-1.671,0.812-2.606,0.996C18.324,4.498,17.257,4,16.077,4c-2.266,0-4.103,1.837-4.103,4.103 c0,0.322,0.036,0.635,0.106,0.935C8.67,8.867,5.647,7.234,3.623,4.751C3.27,5.357,3.067,6.062,3.067,6.814 c0,1.424,0.724,2.679,1.825,3.415c-0.673-0.021-1.305-0.206-1.859-0.513c0,0.017,0,0.034,0,0.052c0,1.988,1.414,3.647,3.292,4.023 c-0.344,0.094-0.707,0.144-1.081,0.144c-0.264,0-0.521-0.026-0.772-0.074c0.522,1.63,2.038,2.816,3.833,2.85 c-1.404,1.1-3.174,1.756-5.096,1.756c-0.331,0-0.658-0.019-0.979-0.057c1.816,1.164,3.973,1.843,6.29,1.843 c7.547,0,11.675-6.252,11.675-11.675c0-0.178-0.004-0.355-0.012-0.531C20.985,7.47,21.68,6.747,22.23,5.924z\"><\/path><\/svg><span class=\"wp-block-social-link-label screen-reader-text\">Twitter<\/span><\/a><\/li><\/ul>\n<\/div>\n<\/div>\n<\/div>\n\n\n\n<div class=\"wp-block-group is-content-justification-center is-nowrap is-layout-flex wp-container-core-group-is-layout-4d39d612 wp-block-group-is-layout-flex\" style=\"padding-right:0;padding-left:0\">\n<figure class=\"wp-block-image size-full\"><img loading=\"lazy\" decoding=\"async\" width=\"225\" height=\"105\" src=\"https:\/\/amillubi.eus\/wp-content\/uploads\/2024\/02\/logo_biolur.png\" alt=\"\" class=\"wp-image-563\" style=\"object-fit:cover\"\/><\/figure>\n\n\n<div class=\"wp-block-site-logo\"><a href=\"https:\/\/amillubi.eus\/es\/\" class=\"custom-logo-link\" rel=\"home\"><img loading=\"lazy\" decoding=\"async\" width=\"178\" height=\"222\" src=\"https:\/\/amillubi.eus\/wp-content\/uploads\/2024\/03\/logoa-4x5-cm-150ppp.png\" class=\"custom-logo\" alt=\"www.amillubi.eus\" srcset=\"https:\/\/amillubi.eus\/wp-content\/uploads\/2024\/03\/logoa-4x5-cm-150ppp.png 472w, https:\/\/amillubi.eus\/wp-content\/uploads\/2024\/03\/logoa-4x5-cm-150ppp-240x300.png 240w\" sizes=\"auto, (max-width: 178px) 100vw, 178px\" \/><\/a><\/div>\n\n\n<figure class=\"wp-block-image size-large is-resized\"><img decoding=\"async\" src=\"https:\/\/amillubi.eus\/wp-content\/uploads\/2023\/11\/lurra-herriari-deika-fondo-gabe-1024x446.png\" alt=\"\" class=\"wp-image-223\" style=\"width:200px\" width=\"200\"\/><\/figure>\n<\/div>\n\n\n<footer class=\"wp-block-template-part\">\n<div class=\"wp-block-group has-base-color has-text-color has-inter-font-family has-global-padding is-layout-constrained wp-container-core-group-is-layout-74144ab8 wp-block-group-is-layout-constrained\" style=\"padding-top:2rem;padding-right:1rem;padding-bottom:2rem;padding-left:1rem;font-style:normal;font-weight:400\">\n<div class=\"wp-block-columns alignwide is-layout-flex wp-container-core-columns-is-layout-93af06af wp-block-columns-is-layout-flex\" style=\"margin-top:0;margin-bottom:0\">\n<div class=\"wp-block-column is-vertically-aligned-center is-layout-flow wp-block-column-is-layout-flow\" style=\"padding-top:0px;padding-right:0;padding-bottom:0px;padding-left:0\"><h1 style=\"color:#041d55; font-size:clamp(1.044rem, 1.044rem + ((1vw - 0.2rem) * 1.029), 1.61rem);font-style:normal;font-weight:400;\" class=\"has-text-align-left has-link-color wp-elements-96b681feedaba7e7982d30d73df8aa10 wp-block-site-title has-text-color has-prata-regular-font-family\"><a href=\"https:\/\/amillubi.eus\/es\/\" target=\"_self\" rel=\"home\">www.amillubi.eus<\/a><\/h1><\/div>\n\n\n\n<div class=\"wp-block-column is-vertically-aligned-center is-layout-flow wp-container-core-column-is-layout-ec3d671a wp-block-column-is-layout-flow\" style=\"border-style:none;border-width:0px;padding-top:1rem;padding-bottom:1rem;flex-basis:55%\">\n<div class=\"wp-block-group is-layout-flex wp-block-group-is-layout-flex\">\n<p class=\"has-text-color has-link-color has-work-sans-regular-font-family wp-elements-e7d6f48b78bc6973ff7620932a78cbdb\" style=\"color:#03081e;font-size:clamp(0.875rem, 0.875rem + ((1vw - 0.2rem) * 0.227), 1rem);text-decoration:none\"><a href=\"mailto:#\">info@Island.com<\/a><\/p>\n\n\n\n<p class=\"has-text-color has-link-color wp-elements-235555b91f644a4b284745a20dd01cb9\" style=\"color:#03081e;font-size:clamp(0.875rem, 0.875rem + ((1vw - 0.2rem) * 0.227), 1rem);text-decoration:none\"> | <\/p>\n\n\n\n<p class=\"has-text-color has-link-color has-work-sans-regular-font-family wp-elements-25735361df142b877c639a7ef8398b20\" style=\"color:#03081e;font-size:clamp(0.875rem, 0.875rem + ((1vw - 0.2rem) * 0.227), 1rem);text-decoration:none\"> <a href=\"tel:#\">+123456789<\/a><\/p>\n\n\n\n<p class=\"has-text-color has-link-color wp-elements-235555b91f644a4b284745a20dd01cb9\" style=\"color:#03081e;font-size:clamp(0.875rem, 0.875rem + ((1vw - 0.2rem) * 0.227), 1rem);text-decoration:none\"> | <\/p>\n\n\n\n<p class=\"has-text-color has-link-color has-work-sans-regular-font-family wp-elements-6bf8e60e7af6c97823739b4a3836b23a\" style=\"color:#03081e;font-size:clamp(0.875rem, 0.875rem + ((1vw - 0.2rem) * 0.227), 1rem);text-decoration:none\">Seesreasse 21, Zurich<\/p>\n<\/div>\n<\/div>\n\n\n\n<div class=\"wp-block-column is-vertically-aligned-center is-layout-flow wp-block-column-is-layout-flow\" style=\"flex-basis:25%\">\n<p class=\"has-text-align-left has-text-color has-link-color has-work-sans-regular-font-family wp-elements-5b97f70f364e0e9124d3ee92d6454566\" style=\"color:#03081e;font-size:clamp(0.875rem, 0.875rem + ((1vw - 0.2rem) * 0.227), 1rem);text-decoration:none\">\u00a9 2025 Island. Todos los derechos reservados.<\/p>\n<\/div>\n<\/div>\n<\/div>\n<\/footer>","protected":false},"excerpt":{"rendered":"<p>AMILLUBI El proyecto Amillubi nace con el objetivo de convertir la tierra que nos sostiene en un bien colectivo. Somos un movimiento agroecol\u00f3gico que busca proteger la tierra, para que las personas que se dedican a la agricultura tengan tierras que cultivar y la ciudadan\u00eda alimentos. Qui\u00e9nes somos El proyecto Amillubi est\u00e1 promovido por la [&hellip;]<\/p>\n","protected":false},"author":1,"featured_media":0,"parent":0,"menu_order":0,"comment_status":"closed","ping_status":"closed","template":"","meta":{"footnotes":""},"class_list":["post-1013","page","type-page","status-publish","hentry"],"_links":{"self":[{"href":"https:\/\/amillubi.eus\/es\/wp-json\/wp\/v2\/pages\/1013","targetHints":{"allow":["GET"]}}],"collection":[{"href":"https:\/\/amillubi.eus\/es\/wp-json\/wp\/v2\/pages"}],"about":[{"href":"https:\/\/amillubi.eus\/es\/wp-json\/wp\/v2\/types\/page"}],"author":[{"embeddable":true,"href":"https:\/\/amillubi.eus\/es\/wp-json\/wp\/v2\/users\/1"}],"replies":[{"embeddable":true,"href":"https:\/\/amillubi.eus\/es\/wp-json\/wp\/v2\/comments?post=1013"}],"version-history":[{"count":10,"href":"https:\/\/amillubi.eus\/es\/wp-json\/wp\/v2\/pages\/1013\/revisions"}],"predecessor-version":[{"id":1768,"href":"https:\/\/amillubi.eus\/es\/wp-json\/wp\/v2\/pages\/1013\/revisions\/1768"}],"wp:attachment":[{"href":"https:\/\/amillubi.eus\/es\/wp-json\/wp\/v2\/media?parent=1013"}],"curies":[{"name":"wp","href":"https:\/\/api.w.org\/{rel}","templated":true}]}}