{"id":1033,"date":"2023-11-15T17:09:43","date_gmt":"2023-11-15T17:09:43","guid":{"rendered":"https:\/\/amillubi.eus\/como-apoyar\/"},"modified":"2025-01-13T19:05:50","modified_gmt":"2025-01-13T19:05:50","slug":"como-apoyar","status":"publish","type":"page","link":"https:\/\/amillubi.eus\/es\/como-apoyar\/","title":{"rendered":"\u00bfC\u00f3mo apoyar?"},"content":{"rendered":"\n<h2 class=\"wp-block-heading\">\u00bfC\u00f3mo apoyar?<\/h2>\n\n\n\n<figure class=\"wp-block-image alignfull size-full has-custom-border\"><img loading=\"lazy\" decoding=\"async\" width=\"1417\" height=\"317\" src=\"https:\/\/amillubi.eus\/wp-content\/uploads\/2023\/11\/Panorama_sin_t\u00a1tulo-1-1.jpeg\" alt=\"\" class=\"wp-image-93\" style=\"border-style:none;border-width:0px;border-radius:0px\" srcset=\"https:\/\/amillubi.eus\/wp-content\/uploads\/2023\/11\/Panorama_sin_t\u00a1tulo-1-1.jpeg 1417w, https:\/\/amillubi.eus\/wp-content\/uploads\/2023\/11\/Panorama_sin_t\u00a1tulo-1-1-300x67.jpeg 300w, https:\/\/amillubi.eus\/wp-content\/uploads\/2023\/11\/Panorama_sin_t\u00a1tulo-1-1-1024x229.jpeg 1024w, https:\/\/amillubi.eus\/wp-content\/uploads\/2023\/11\/Panorama_sin_t\u00a1tulo-1-1-768x172.jpeg 768w\" sizes=\"auto, (max-width: 1417px) 100vw, 1417px\" \/><\/figure>\n\n\n\n<p class=\"has-custom-color-3-color has-text-color\">Para la adquisici\u00f3n de los terrenos y del caser\u00edo es necesaria la colaboraci\u00f3n de todo el mundo. <strong>Necesitamos 390.000 euros<\/strong> para la compra del caser\u00edo con sus terrenos y para el arreglo del mismo. <\/p>\n\n\n\n<p class=\"has-custom-color-3-color has-text-color\">Protege t\u00fa tambi\u00e9n un metro cuadrado de tierra de Amillubi. Aqu\u00ed te proponemos <strong>diferentes modos <\/strong>de hacerlo: <\/p>\n\n\n\n<div class=\"wp-block-columns is-layout-flex wp-container-core-columns-is-layout-0806ab5c wp-block-columns-is-layout-flex\" style=\"margin-top:var(--wp--preset--spacing--30);margin-bottom:var(--wp--preset--spacing--30)\">\n<div class=\"wp-block-column is-vertically-aligned-center is-layout-flow wp-block-column-is-layout-flow\" style=\"flex-basis:33.33%\">\n<figure class=\"wp-block-image aligncenter size-full is-resized wp-duotone-4f3623-ffffff-1\"><img loading=\"lazy\" decoding=\"async\" src=\"https:\/\/amillubi.eus\/wp-content\/uploads\/2023\/11\/garia.png\" alt=\"\" class=\"wp-image-205\" style=\"object-fit:cover;width:86px;height:82px\" width=\"86\" height=\"82\"\/><\/figure>\n<\/div>\n\n\n\n<div class=\"wp-block-column is-layout-flow wp-block-column-is-layout-flow\" style=\"flex-basis:66.66%\">\n<p>Haciendo una <strong>donaci\u00f3n directa<\/strong> a Biolur:<br>ES37 1550 0001 2400 1666 3726 (FIARE)<br>ES42 3035 0009 1300 9011 7105 (LABORAL KUTXA)<br>Concepto: Amillubi_Nombre+apellidos<br>Para que podamos tener en cuenta la donaci\u00f3n, env\u00eda los siguientes datos <strong>(nombre y apellidos, DNI y c\u00f3digo postal)<\/strong> a <strong>koordinazioa@amillubi.eus<\/strong>. <\/p>\n<\/div>\n<\/div>\n\n\n\n<div class=\"wp-block-columns is-layout-flex wp-container-core-columns-is-layout-0806ab5c wp-block-columns-is-layout-flex\" style=\"margin-top:var(--wp--preset--spacing--30);margin-bottom:var(--wp--preset--spacing--30)\">\n<div class=\"wp-block-column is-vertically-aligned-center is-layout-flow wp-block-column-is-layout-flow\" style=\"flex-basis:33.33%\">\n<figure class=\"wp-block-image aligncenter size-full is-resized wp-duotone-4f3623-ffffff-2\"><img loading=\"lazy\" decoding=\"async\" src=\"https:\/\/amillubi.eus\/wp-content\/uploads\/2023\/11\/ezkurra.png\" alt=\"\" class=\"wp-image-318\" style=\"object-fit:cover;width:86px;height:86px\" width=\"86\" height=\"86\"\/><\/figure>\n<\/div>\n\n\n\n<div class=\"wp-block-column is-vertically-aligned-center is-layout-flow wp-block-column-is-layout-flow\" style=\"flex-basis:66.66%\">\n<p>Mediante la compra de <strong>bono-ayudas<\/strong> de 10, 50 o 100\u20ac en <strong>ferias de Biolur o presentaciones del proyecto<\/strong>.<\/p>\n<\/div>\n<\/div>\n\n\n\n<div class=\"wp-block-columns are-vertically-aligned-center is-layout-flex wp-container-core-columns-is-layout-0806ab5c wp-block-columns-is-layout-flex\" style=\"margin-top:var(--wp--preset--spacing--30);margin-bottom:var(--wp--preset--spacing--30)\">\n<div class=\"wp-block-column is-vertically-aligned-center is-layout-flow wp-block-column-is-layout-flow\" style=\"flex-basis:33.33%\">\n<figure class=\"wp-block-image aligncenter size-full is-resized wp-duotone-4f3623-ffffff-3\"><img loading=\"lazy\" decoding=\"async\" src=\"https:\/\/amillubi.eus\/wp-content\/uploads\/2023\/11\/LANDAREA.png\" alt=\"\" class=\"wp-image-319\" style=\"object-fit:cover;width:86px;height:86px\" width=\"86\" height=\"86\"\/><\/figure>\n<\/div>\n\n\n\n<div class=\"wp-block-column is-vertically-aligned-center is-layout-flow wp-container-core-column-is-layout-8a368f38 wp-block-column-is-layout-flow\" style=\"flex-basis:66.66%\">\n<p>Colocando <strong>pegatinas para peque\u00f1as donaciones en alimentos de tu producci\u00f3n<\/strong>. Ponte en contacto escribiendo a <strong>info@amillubi.eus<\/strong> o llamando al <strong>943 76 14 47<\/strong>. Te las haremos llegar. <\/p>\n<\/div>\n<\/div>\n\n\n\n<div class=\"wp-block-columns is-layout-flex wp-container-core-columns-is-layout-0806ab5c wp-block-columns-is-layout-flex\" style=\"margin-top:var(--wp--preset--spacing--30);margin-bottom:var(--wp--preset--spacing--30)\">\n<div class=\"wp-block-column is-vertically-aligned-center is-layout-flow wp-block-column-is-layout-flow\" style=\"flex-basis:33.33%\">\n<figure class=\"wp-block-image aligncenter size-full is-resized wp-duotone-4f3623-ffffff-4\"><img loading=\"lazy\" decoding=\"async\" src=\"https:\/\/amillubi.eus\/wp-content\/uploads\/2023\/11\/hoztoa-2.png\" alt=\"\" class=\"wp-image-207\" style=\"width:86px;height:86px\" width=\"86\" height=\"86\"\/><\/figure>\n<\/div>\n\n\n\n<div class=\"wp-block-column is-vertically-aligned-center is-layout-flow wp-block-column-is-layout-flow\" style=\"flex-basis:66.66%\">\n<p>Apunt\u00e1ndote a la<strong> red del voluntariado<\/strong>. Si quieres colaborar en los auzolanes (trabajos vecinales o comunitarios) que se van a organizar o colaborar compartiendo tus conocimientos con el proyecto de Amillubi, ponte en contacto: escribiendo a <strong>info@amillubi.eus<\/strong> o llamando al <strong>943 76 14 47.<\/strong> <\/p>\n<\/div>\n<\/div>\n\n\n\n<div class=\"wp-block-columns is-layout-flex wp-container-core-columns-is-layout-0806ab5c wp-block-columns-is-layout-flex\" style=\"margin-top:var(--wp--preset--spacing--30);margin-bottom:var(--wp--preset--spacing--30)\">\n<div class=\"wp-block-column is-vertically-aligned-center is-layout-flow wp-block-column-is-layout-flow\" style=\"flex-basis:33.33%\">\n<figure class=\"wp-block-image aligncenter size-full is-resized wp-duotone-4f3623-ffffff-5\"><img loading=\"lazy\" decoding=\"async\" src=\"https:\/\/amillubi.eus\/wp-content\/uploads\/2023\/11\/kalabaza.png\" alt=\"\" class=\"wp-image-320\" style=\"object-fit:cover;width:86px;height:86px\" width=\"86\" height=\"86\"\/><\/figure>\n<\/div>\n\n\n\n<div class=\"wp-block-column is-vertically-aligned-center is-layout-flow wp-block-column-is-layout-flow\" style=\"flex-basis:66.66%\">\n<p style=\"margin-top:0\"><strong>Preparando una iniciativa<\/strong> para la difusi\u00f3n del proyecto Amillubi en tu pueblo. Ponte en contacto: escribiendo a i<strong>nfo@amillubi.eus<\/strong> o llamando al <strong>943 76 14 47<\/strong>. <\/p>\n<\/div>\n<\/div>\n","protected":false},"excerpt":{"rendered":"<p>\u00bfC\u00f3mo apoyar? Para la adquisici\u00f3n de los terrenos y del caser\u00edo es necesaria la colaboraci\u00f3n de todo el mundo. Necesitamos 390.000 euros para la compra del caser\u00edo con sus terrenos y para el arreglo del mismo. Protege t\u00fa tambi\u00e9n un metro cuadrado de tierra de Amillubi. Aqu\u00ed te proponemos diferentes modos de hacerlo: Haciendo una [&hellip;]<\/p>\n","protected":false},"author":2,"featured_media":0,"parent":0,"menu_order":0,"comment_status":"closed","ping_status":"closed","template":"","meta":{"footnotes":""},"class_list":["post-1033","page","type-page","status-publish","hentry"],"_links":{"self":[{"href":"https:\/\/amillubi.eus\/es\/wp-json\/wp\/v2\/pages\/1033","targetHints":{"allow":["GET"]}}],"collection":[{"href":"https:\/\/amillubi.eus\/es\/wp-json\/wp\/v2\/pages"}],"about":[{"href":"https:\/\/amillubi.eus\/es\/wp-json\/wp\/v2\/types\/page"}],"author":[{"embeddable":true,"href":"https:\/\/amillubi.eus\/es\/wp-json\/wp\/v2\/users\/2"}],"replies":[{"embeddable":true,"href":"https:\/\/amillubi.eus\/es\/wp-json\/wp\/v2\/comments?post=1033"}],"version-history":[{"count":3,"href":"https:\/\/amillubi.eus\/es\/wp-json\/wp\/v2\/pages\/1033\/revisions"}],"predecessor-version":[{"id":1256,"href":"https:\/\/amillubi.eus\/es\/wp-json\/wp\/v2\/pages\/1033\/revisions\/1256"}],"wp:attachment":[{"href":"https:\/\/amillubi.eus\/es\/wp-json\/wp\/v2\/media?parent=1033"}],"curies":[{"name":"wp","href":"https:\/\/api.w.org\/{rel}","templated":true}]}}