{"id":1056,"date":"2024-06-23T16:40:21","date_gmt":"2024-06-23T16:40:21","guid":{"rendered":"https:\/\/amillubi.eus\/proyectos\/"},"modified":"2024-10-30T06:34:11","modified_gmt":"2024-10-30T06:34:11","slug":"proyectos","status":"publish","type":"page","link":"https:\/\/amillubi.eus\/es\/proyectos\/","title":{"rendered":"Proyectos"},"content":{"rendered":"\n<h2 class=\"wp-block-heading\">Proyectos<\/h2>\n\n<figure class=\"wp-block-image alignfull size-large\"><img loading=\"lazy\" decoding=\"async\" width=\"1024\" height=\"344\" src=\"https:\/\/amillubi.eus\/wp-content\/uploads\/2024\/06\/IMG20240317121026-1-1024x344.jpg\" alt=\"\" class=\"wp-image-797\" srcset=\"https:\/\/amillubi.eus\/wp-content\/uploads\/2024\/06\/IMG20240317121026-1-1024x344.jpg 1024w, https:\/\/amillubi.eus\/wp-content\/uploads\/2024\/06\/IMG20240317121026-1-300x101.jpg 300w, https:\/\/amillubi.eus\/wp-content\/uploads\/2024\/06\/IMG20240317121026-1-768x258.jpg 768w, https:\/\/amillubi.eus\/wp-content\/uploads\/2024\/06\/IMG20240317121026-1-1536x516.jpg 1536w, https:\/\/amillubi.eus\/wp-content\/uploads\/2024\/06\/IMG20240317121026-1-2048x689.jpg 2048w\" sizes=\"auto, (max-width: 1024px) 100vw, 1024px\" \/><\/figure>\n\n<p><strong>\u00bfQu\u00e9 es lo que vamos a hacer? <\/strong><\/p>\n\n<p>Desde el grupo motor de Amillubi estamos identificando, definiendo y trabajando varias necesidades del propio proyecto de Amillubi como del sector primario <strong>en colaboraci\u00f3n con diferentes agentes<\/strong>. Teniendo en cuenta que estamos en fase de compra, hemos clasificado las l\u00edneas de trabajo en dos tiempos: <strong>proyectos a corto plazo y l\u00edneas de trabajo a largo plazo.<\/strong>  <\/p>\n\n<p><strong>Proyectos a corto plazo. <\/strong>En \u00e9l se est\u00e1n trabajando diferentes v\u00edas: estamos realizando las reparaciones y construyendo las infraestructuras necesarias para que el espacio sea \u00fatil, y, sistematizando los trabajos de mantenimiento para mantener los terrenos en orden. Tambi\u00e9n hemos empezado con la actividad agraria y el dinero obtenido por la misma se va a destinar a la compra. Por \u00faltimo, estamos utilizando el espacio de Amillubi para las sesiones de formaci\u00f3n de los grupos de trabajo de Biolur.  <\/p>\n\n<p><strong>L\u00edneas de trabajo a largo plazo:<\/strong> estamos definiendo los proyectos que se desarrollar\u00e1n atendiendo a las necesidades del sector. Hemos recogido, de momento, las siguientes l\u00edneas de trabajo: <\/p>\n\n<ul class=\"wp-block-list\">\n<li>Permitir ceder en condiciones adecuadas el suelo agr\u00edcola a aquellas personas que van a ponerlo en producci\u00f3n de manera ecol\u00f3gica.<\/li>\n\n\n\n<li>Crear, en colectividad, condiciones de trabajo dignas.<\/li>\n\n\n\n<li>Crear un espacio de prueba para quien quiera iniciarse en la agricultura.<\/li>\n\n\n\n<li>Puesta en marcha de un espacio de experimentaci\u00f3n de cultivos agroecol\u00f3gicos.<\/li>\n\n\n\n<li>Creaci\u00f3n de una planta de transformaci\u00f3n (subsector por definir).<\/li>\n\n\n\n<li>Disponer una zona de almacenamiento com\u00fan de material agrario.<\/li>\n\n\n\n<li>Creaci\u00f3n de una unidad de abastecimiento alimentario.<\/li>\n<\/ul>\n\n<figure class=\"wp-block-gallery alignfull has-nested-images columns-default is-cropped wp-block-gallery-1 is-layout-flex wp-block-gallery-is-layout-flex\">\n<figure class=\"wp-block-image size-large\"><img loading=\"lazy\" decoding=\"async\" width=\"1024\" height=\"272\" data-id=\"752\" src=\"https:\/\/amillubi.eus\/wp-content\/uploads\/2024\/05\/arto_ebakita1-2-1024x272.jpeg\" alt=\"\" class=\"wp-image-752\" srcset=\"https:\/\/amillubi.eus\/wp-content\/uploads\/2024\/05\/arto_ebakita1-2-1024x272.jpeg 1024w, https:\/\/amillubi.eus\/wp-content\/uploads\/2024\/05\/arto_ebakita1-2-300x80.jpeg 300w, https:\/\/amillubi.eus\/wp-content\/uploads\/2024\/05\/arto_ebakita1-2-768x204.jpeg 768w, https:\/\/amillubi.eus\/wp-content\/uploads\/2024\/05\/arto_ebakita1-2-1536x408.jpeg 1536w, https:\/\/amillubi.eus\/wp-content\/uploads\/2024\/05\/arto_ebakita1-2-2048x544.jpeg 2048w\" sizes=\"auto, (max-width: 1024px) 100vw, 1024px\" \/><\/figure>\n<\/figure>\n","protected":false},"excerpt":{"rendered":"<p>Proyectos \u00bfQu\u00e9 es lo que vamos a hacer? Desde el grupo motor de Amillubi estamos identificando, definiendo y trabajando varias necesidades del propio proyecto de Amillubi como del sector primario en colaboraci\u00f3n con diferentes agentes. Teniendo en cuenta que estamos en fase de compra, hemos clasificado las l\u00edneas de trabajo en dos tiempos: proyectos a [&hellip;]<\/p>\n","protected":false},"author":2,"featured_media":0,"parent":0,"menu_order":0,"comment_status":"closed","ping_status":"closed","template":"","meta":{"footnotes":""},"class_list":["post-1056","page","type-page","status-publish","hentry"],"_links":{"self":[{"href":"https:\/\/amillubi.eus\/es\/wp-json\/wp\/v2\/pages\/1056","targetHints":{"allow":["GET"]}}],"collection":[{"href":"https:\/\/amillubi.eus\/es\/wp-json\/wp\/v2\/pages"}],"about":[{"href":"https:\/\/amillubi.eus\/es\/wp-json\/wp\/v2\/types\/page"}],"author":[{"embeddable":true,"href":"https:\/\/amillubi.eus\/es\/wp-json\/wp\/v2\/users\/2"}],"replies":[{"embeddable":true,"href":"https:\/\/amillubi.eus\/es\/wp-json\/wp\/v2\/comments?post=1056"}],"version-history":[{"count":1,"href":"https:\/\/amillubi.eus\/es\/wp-json\/wp\/v2\/pages\/1056\/revisions"}],"predecessor-version":[{"id":1057,"href":"https:\/\/amillubi.eus\/es\/wp-json\/wp\/v2\/pages\/1056\/revisions\/1057"}],"wp:attachment":[{"href":"https:\/\/amillubi.eus\/es\/wp-json\/wp\/v2\/media?parent=1056"}],"curies":[{"name":"wp","href":"https:\/\/api.w.org\/{rel}","templated":true}]}}