{"id":1058,"date":"2023-11-15T16:23:15","date_gmt":"2023-11-15T16:23:15","guid":{"rendered":"https:\/\/amillubi.eus\/por-que-amillubi\/"},"modified":"2024-10-30T06:42:31","modified_gmt":"2024-10-30T06:42:31","slug":"por-que-amillubi","status":"publish","type":"page","link":"https:\/\/amillubi.eus\/es\/por-que-amillubi\/","title":{"rendered":"\u00bfPor qu\u00e9 Amillubi?"},"content":{"rendered":"\n<h2 class=\"wp-block-heading\">\u00bfPor qu\u00e9 Amillubi?<\/h2>\n\n<figure class=\"wp-block-image alignfull size-full\"><img decoding=\"async\" src=\"https:\/\/amillubi.eus\/wp-content\/uploads\/2023\/11\/Panorama_sin_t&#xA1;tulo-1-1.jpeg\" alt=\"\" class=\"wp-image-93\"\/><\/figure>\n\n<p><strong>Porque se sit\u00faa en un lugar estrat\u00e9gico<\/strong>, especialmente por tres razones:<\/p>\n\n<div class=\"wp-block-columns are-vertically-aligned-center is-layout-flex wp-container-core-columns-is-layout-e6f27d69 wp-block-columns-is-layout-flex\" style=\"padding-bottom:var(--wp--preset--spacing--30)\">\n<div class=\"wp-block-column is-vertically-aligned-center is-layout-flow wp-block-column-is-layout-flow\" style=\"flex-basis:25%\">\n<figure class=\"wp-block-image aligncenter size-full is-resized wp-duotone-4f3623-ffffff-1\"><img loading=\"lazy\" decoding=\"async\" src=\"https:\/\/amillubi.eus\/wp-content\/uploads\/2023\/11\/haritza.png\" alt=\"\" class=\"wp-image-323\" style=\"object-fit:cover;width:86px;height:86px\" width=\"86\" height=\"86\"\/><\/figure>\n<\/div>\n\n\n\n<div class=\"wp-block-column is-vertically-aligned-center is-layout-flow wp-block-column-is-layout-flow\" style=\"flex-basis:66.66%\">\n<h6 class=\"wp-block-heading\" style=\"padding-top:0;padding-bottom:0px\">Caracter\u00edsticas<\/h6>\n\n\n\n<p>El caser\u00edo Amillubi se encuentra en el <strong>meandro natural<\/strong> del r\u00edo Urola, en la localidad de Zestoa. Encontrarse dentro del meandro nos garantiza el <strong>acceso al agua<\/strong> en estos tiempos de crisis clim\u00e1tica y a\u00f1ade valor a la <strong>fertilidad de la tierra<\/strong>. Por eso, para la horticultura, la fruticultura y el manejo de la tierra son adecuados los terrenos de Amillubi.  <\/p>\n<\/div>\n<\/div>\n\n<div class=\"wp-block-columns are-vertically-aligned-center is-layout-flex wp-container-core-columns-is-layout-e6f27d69 wp-block-columns-is-layout-flex\" style=\"padding-bottom:var(--wp--preset--spacing--30)\">\n<div class=\"wp-block-column is-vertically-aligned-center is-layout-flow wp-block-column-is-layout-flow\" style=\"flex-basis:25%\">\n<figure class=\"wp-block-image aligncenter size-full is-resized wp-duotone-4f3623-ffffff-2\"><img loading=\"lazy\" decoding=\"async\" src=\"https:\/\/amillubi.eus\/wp-content\/uploads\/2023\/11\/garia.png\" alt=\"\" class=\"wp-image-205\" style=\"object-fit:cover;width:86px;height:86px\" width=\"86\" height=\"86\"\/><\/figure>\n<\/div>\n\n\n\n<div class=\"wp-block-column is-vertically-aligned-center is-layout-flow wp-block-column-is-layout-flow\" style=\"flex-basis:66.66%\">\n<h6 class=\"wp-block-heading\">El meandro<\/h6>\n\n\n\n<p>Los terrenos de Amillubi se encuentran <strong>junto a un extenso espacio calificado como suelo agrario de 26 hect\u00e1reas de propiedad p\u00fablica<\/strong>, ofreciendo una <strong>oportunidad \u00fanica de extender el proyecto <\/strong>de cara al futuro. <\/p>\n<\/div>\n<\/div>\n\n<div class=\"wp-block-columns are-vertically-aligned-center is-layout-flex wp-container-core-columns-is-layout-e6f27d69 wp-block-columns-is-layout-flex\" style=\"padding-bottom:var(--wp--preset--spacing--30)\">\n<div class=\"wp-block-column is-vertically-aligned-center is-layout-flow wp-block-column-is-layout-flow\" style=\"flex-basis:25%\">\n<figure class=\"wp-block-image aligncenter size-full is-resized wp-duotone-4f3623-ffffff-3\"><img loading=\"lazy\" decoding=\"async\" src=\"https:\/\/amillubi.eus\/wp-content\/uploads\/2023\/11\/ezkurra.png\" alt=\"\" class=\"wp-image-318\" style=\"object-fit:cover;width:86px;height:86px\" width=\"86\" height=\"86\"\/><\/figure>\n<\/div>\n\n\n\n<div class=\"wp-block-column is-vertically-aligned-center is-layout-flow wp-block-column-is-layout-flow\" style=\"flex-basis:66.66%\">\n<h6 class=\"wp-block-heading\">Localizaci\u00f3n<\/h6>\n\n\n\n<p><strong>Se encuentra en un lugar ideal para ser centro log\u00edstico<\/strong> de distribuci\u00f3n de alimentos tanto de cara a la costa de Gipuzkoa como a las comarcas del interior.  <\/p>\n<\/div>\n<\/div>\n\n<p>Las tierras de Amillubi se componen de 5 hect\u00e1reas de bosque y 4 hect\u00e1reas de pradera natural y terreno agr\u00edcola. \u00a1<strong>Tenemos la oportunidad de proteger<\/strong> esta amplia <strong>zona de alto valor agroecol\u00f3gico<\/strong> y ofrecer la posibilidad de crear alimentos para la ciudadan\u00eda!<\/p>\n","protected":false},"excerpt":{"rendered":"<p>\u00bfPor qu\u00e9 Amillubi? Porque se sit\u00faa en un lugar estrat\u00e9gico, especialmente por tres razones: Caracter\u00edsticas El caser\u00edo Amillubi se encuentra en el meandro natural del r\u00edo Urola, en la localidad de Zestoa. Encontrarse dentro del meandro nos garantiza el acceso al agua en estos tiempos de crisis clim\u00e1tica y a\u00f1ade valor a la fertilidad de [&hellip;]<\/p>\n","protected":false},"author":2,"featured_media":0,"parent":0,"menu_order":0,"comment_status":"closed","ping_status":"closed","template":"","meta":{"footnotes":""},"class_list":["post-1058","page","type-page","status-publish","hentry"],"_links":{"self":[{"href":"https:\/\/amillubi.eus\/es\/wp-json\/wp\/v2\/pages\/1058","targetHints":{"allow":["GET"]}}],"collection":[{"href":"https:\/\/amillubi.eus\/es\/wp-json\/wp\/v2\/pages"}],"about":[{"href":"https:\/\/amillubi.eus\/es\/wp-json\/wp\/v2\/types\/page"}],"author":[{"embeddable":true,"href":"https:\/\/amillubi.eus\/es\/wp-json\/wp\/v2\/users\/2"}],"replies":[{"embeddable":true,"href":"https:\/\/amillubi.eus\/es\/wp-json\/wp\/v2\/comments?post=1058"}],"version-history":[{"count":3,"href":"https:\/\/amillubi.eus\/es\/wp-json\/wp\/v2\/pages\/1058\/revisions"}],"predecessor-version":[{"id":1061,"href":"https:\/\/amillubi.eus\/es\/wp-json\/wp\/v2\/pages\/1058\/revisions\/1061"}],"wp:attachment":[{"href":"https:\/\/amillubi.eus\/es\/wp-json\/wp\/v2\/media?parent=1058"}],"curies":[{"name":"wp","href":"https:\/\/api.w.org\/{rel}","templated":true}]}}