{"id":1078,"date":"2024-10-17T14:59:42","date_gmt":"2024-10-17T14:59:42","guid":{"rendered":"https:\/\/amillubi.eus\/miembros-del-grupo-motor\/"},"modified":"2024-11-30T09:11:03","modified_gmt":"2024-11-30T09:11:03","slug":"miembros-del-grupo-motor","status":"publish","type":"page","link":"https:\/\/amillubi.eus\/es\/miembros-del-grupo-motor\/","title":{"rendered":"Miembros del grupo motor"},"content":{"rendered":"<h2 class=\"wp-block-post-title\">Miembros del grupo motor<\/h2>\n\n\n<div class=\"wp-block-media-text is-stacked-on-mobile\" style=\"grid-template-columns:34% auto\"><figure class=\"wp-block-media-text__media\"><img loading=\"lazy\" decoding=\"async\" width=\"960\" height=\"960\" src=\"https:\/\/amillubi.eus\/wp-content\/uploads\/2024\/10\/1000097280.jpg\" alt=\"\" class=\"wp-image-825 size-full\" srcset=\"https:\/\/amillubi.eus\/wp-content\/uploads\/2024\/10\/1000097280.jpg 960w, https:\/\/amillubi.eus\/wp-content\/uploads\/2024\/10\/1000097280-300x300.jpg 300w, https:\/\/amillubi.eus\/wp-content\/uploads\/2024\/10\/1000097280-150x150.jpg 150w, https:\/\/amillubi.eus\/wp-content\/uploads\/2024\/10\/1000097280-768x768.jpg 768w\" sizes=\"auto, (max-width: 960px) 100vw, 960px\" \/><\/figure><div class=\"wp-block-media-text__content\">\n<p class=\"has-small-font-size\"><strong>Ane Rivas Martinez<\/strong> (Arrasate, 1993). No conoc\u00ed el reba\u00f1o de mis abuelos, pero desde peque\u00f1a me he interesado mucho por la ganader\u00eda. He estudiado veterinaria y actualmente soy trabajadora de BIOLUR. Creo en la agroecolog\u00eda como modelo respetuoso con los animales y la tierra. Soy miembro de Amillubi porque veo la necesidad de crear un sistema de alimentaci\u00f3n consciente que sostenga la vida de todos.    <\/p>\n<\/div><\/div>\n\n\n\n<div class=\"wp-block-media-text is-stacked-on-mobile\" style=\"grid-template-columns:34% auto\"><figure class=\"wp-block-media-text__media\"><img loading=\"lazy\" decoding=\"async\" width=\"960\" height=\"960\" src=\"https:\/\/amillubi.eus\/wp-content\/uploads\/2024\/10\/1000097276.jpg\" alt=\"\" class=\"wp-image-826 size-full\" srcset=\"https:\/\/amillubi.eus\/wp-content\/uploads\/2024\/10\/1000097276.jpg 960w, https:\/\/amillubi.eus\/wp-content\/uploads\/2024\/10\/1000097276-300x300.jpg 300w, https:\/\/amillubi.eus\/wp-content\/uploads\/2024\/10\/1000097276-150x150.jpg 150w, https:\/\/amillubi.eus\/wp-content\/uploads\/2024\/10\/1000097276-768x768.jpg 768w\" sizes=\"auto, (max-width: 960px) 100vw, 960px\" \/><\/figure><div class=\"wp-block-media-text__content\">\n<p class=\"has-small-font-size\"><strong>Jone Arizti Zuazolacigorraga<\/strong> (Azkoitia, 1996). Soy hortelana profesional tras realizar estudios en biolog\u00eda y producci\u00f3n agroecol\u00f3gica. He llevado una vida urbana, y, hoy en d\u00eda, tras pasar el d\u00eda en la huerta, me gusta vivir en el pueblo. Socia de Biolur tras tomar parte en el an\u00e1lisis Duina. Tom\u00e9 con ilusi\u00f3n el proyecto Amillubi porque veo necesario crear planes locales como este de cara al futuro. Estoy motivada para construir y reforzar nuestro sistema alimentario local.     <\/p>\n<\/div><\/div>\n\n\n\n<div class=\"wp-block-media-text is-stacked-on-mobile\" style=\"grid-template-columns:34% auto\"><figure class=\"wp-block-media-text__media\"><img loading=\"lazy\" decoding=\"async\" width=\"1024\" height=\"1024\" src=\"https:\/\/amillubi.eus\/wp-content\/uploads\/2024\/10\/1000097284-1024x1024.jpg\" alt=\"\" class=\"wp-image-835 size-full\" srcset=\"https:\/\/amillubi.eus\/wp-content\/uploads\/2024\/10\/1000097284-1024x1024.jpg 1024w, https:\/\/amillubi.eus\/wp-content\/uploads\/2024\/10\/1000097284-300x300.jpg 300w, https:\/\/amillubi.eus\/wp-content\/uploads\/2024\/10\/1000097284-150x150.jpg 150w, https:\/\/amillubi.eus\/wp-content\/uploads\/2024\/10\/1000097284-768x768.jpg 768w, https:\/\/amillubi.eus\/wp-content\/uploads\/2024\/10\/1000097284.jpg 1280w\" sizes=\"auto, (max-width: 1024px) 100vw, 1024px\" \/><\/figure><div class=\"wp-block-media-text__content\">\n<p class=\"has-small-font-size\"><strong>Maider Zubikarai Beristain <\/strong>(Deba, 1976). El v\u00ednculo con el caser\u00edo me viene de la familia materna. Estudi\u00e9 ingenier\u00eda agron\u00f3mica y conoc\u00ed la propuesta de la agroecolog\u00eda en mi formaci\u00f3n en Cuba. Desde entonces sigo en ello, estudiando, tejiendo redes, trabajando y militando. Miembro de Biolur desde 2008, y actualmente en labores de coordinaci\u00f3n de la asociaci\u00f3n. He vivido el proyecto Amillubi desde el principio y formo parte del grupo motor con mucha ilusi\u00f3n y motivaci\u00f3n. Estoy convencida de que la soberan\u00eda de un pueblo empieza en la alimentaci\u00f3n.      <\/p>\n<\/div><\/div>\n\n\n\n<div class=\"wp-block-media-text is-stacked-on-mobile\" style=\"grid-template-columns:34% auto\"><figure class=\"wp-block-media-text__media\"><img loading=\"lazy\" decoding=\"async\" width=\"924\" height=\"923\" src=\"https:\/\/amillubi.eus\/wp-content\/uploads\/2024\/10\/1000097275.jpg\" alt=\"\" class=\"wp-image-827 size-full\" srcset=\"https:\/\/amillubi.eus\/wp-content\/uploads\/2024\/10\/1000097275.jpg 924w, https:\/\/amillubi.eus\/wp-content\/uploads\/2024\/10\/1000097275-300x300.jpg 300w, https:\/\/amillubi.eus\/wp-content\/uploads\/2024\/10\/1000097275-150x150.jpg 150w, https:\/\/amillubi.eus\/wp-content\/uploads\/2024\/10\/1000097275-768x767.jpg 768w\" sizes=\"auto, (max-width: 924px) 100vw, 924px\" \/><\/figure><div class=\"wp-block-media-text__content\">\n<p class=\"has-small-font-size\"><strong>Ioritz Aizpuru Goitia <\/strong>(Azpeitia, 1983). Vivo en el caser\u00edo con mi familia donde tenemos huerta y reba\u00f1o, entre otros, como producci\u00f3n familiar. Aunque soy inform\u00e1tico de estudios, despu\u00e9s de unos a\u00f1os ejerciendo este oficio, junto con varios compa\u00f1eros fundamos la Cooperativa Artxara y me embarqu\u00e9 de lleno en el proyecto Elikagunea de Azpeitia con la intenci\u00f3n de potenciar el sector primario. Miembro de Biolur y del grupo motor de Amillubi desde el inicio del proyecto, me gustar\u00eda conseguir relevos generacionales viables y estimulantes en el sector.    <\/p>\n<\/div><\/div>\n\n\n\n<div class=\"wp-block-media-text is-stacked-on-mobile\" style=\"grid-template-columns:34% auto\"><figure class=\"wp-block-media-text__media\"><img loading=\"lazy\" decoding=\"async\" width=\"1024\" height=\"1024\" src=\"https:\/\/amillubi.eus\/wp-content\/uploads\/2024\/10\/1000097277-1024x1024.jpg\" alt=\"\" class=\"wp-image-828 size-full\" srcset=\"https:\/\/amillubi.eus\/wp-content\/uploads\/2024\/10\/1000097277-1024x1024.jpg 1024w, https:\/\/amillubi.eus\/wp-content\/uploads\/2024\/10\/1000097277-300x300.jpg 300w, https:\/\/amillubi.eus\/wp-content\/uploads\/2024\/10\/1000097277-150x150.jpg 150w, https:\/\/amillubi.eus\/wp-content\/uploads\/2024\/10\/1000097277-768x768.jpg 768w, https:\/\/amillubi.eus\/wp-content\/uploads\/2024\/10\/1000097277.jpg 1119w\" sizes=\"auto, (max-width: 1024px) 100vw, 1024px\" \/><\/figure><div class=\"wp-block-media-text__content\">\n<p class=\"has-small-font-size\"><strong>Oihana Usabiaga Barandiaran<\/strong> (1996, Zizurkil). He estudiado Antropolog\u00eda Social y trabajo en la ense\u00f1anza. Durante estos a\u00f1os he militado en varios \u00e1mbitos y me interesa la soberan\u00eda en diferentes sectores. Las ideas de defensa de las tierras agr\u00edcolas y soberan\u00eda alimentaria me atrajeron al proyecto Amillubi.   <\/p>\n<\/div><\/div>\n\n\n\n<div class=\"wp-block-media-text is-stacked-on-mobile\" style=\"grid-template-columns:34% auto\"><figure class=\"wp-block-media-text__media\"><img loading=\"lazy\" decoding=\"async\" width=\"1024\" height=\"1024\" src=\"https:\/\/amillubi.eus\/wp-content\/uploads\/2024\/10\/1000097278-1024x1024.jpg\" alt=\"\" class=\"wp-image-829 size-full\" srcset=\"https:\/\/amillubi.eus\/wp-content\/uploads\/2024\/10\/1000097278-1024x1024.jpg 1024w, https:\/\/amillubi.eus\/wp-content\/uploads\/2024\/10\/1000097278-300x300.jpg 300w, https:\/\/amillubi.eus\/wp-content\/uploads\/2024\/10\/1000097278-150x150.jpg 150w, https:\/\/amillubi.eus\/wp-content\/uploads\/2024\/10\/1000097278-768x768.jpg 768w, https:\/\/amillubi.eus\/wp-content\/uploads\/2024\/10\/1000097278.jpg 1280w\" sizes=\"auto, (max-width: 1024px) 100vw, 1024px\" \/><\/figure><div class=\"wp-block-media-text__content\">\n<p class=\"has-small-font-size\"><strong>Myrian Imaz Juaristi <\/strong>(1980, Zarautz). Realic\u00e9 estudios de T\u00e9cnico deportivo y soy ex deportista de alto nivel. Desde peque\u00f1a me ha atra\u00eddo el mundo rural y he podido mantener la conexi\u00f3n con el caser\u00edo de mis antepasados. Busco que la experiencia del deporte y la maternidad tengan una profunda influencia en la alimentaci\u00f3n, y, m\u00e1s all\u00e1 de la simple alimentaci\u00f3n, en la familia, en la comunidad y en la naturaleza. Con el proyecto de Amillubi, he decidido controlar la producci\u00f3n y el consumo de alimentos promoviendo la salud, la justicia social y la sostenibilidad.<\/p>\n<\/div><\/div>\n\n\n\n<div class=\"wp-block-media-text is-stacked-on-mobile\" style=\"grid-template-columns:34% auto\"><figure class=\"wp-block-media-text__media\"><img loading=\"lazy\" decoding=\"async\" width=\"508\" height=\"508\" src=\"https:\/\/amillubi.eus\/wp-content\/uploads\/2024\/10\/1000097285.jpg\" alt=\"\" class=\"wp-image-836 size-full\" srcset=\"https:\/\/amillubi.eus\/wp-content\/uploads\/2024\/10\/1000097285.jpg 508w, https:\/\/amillubi.eus\/wp-content\/uploads\/2024\/10\/1000097285-300x300.jpg 300w, https:\/\/amillubi.eus\/wp-content\/uploads\/2024\/10\/1000097285-150x150.jpg 150w\" sizes=\"auto, (max-width: 508px) 100vw, 508px\" \/><\/figure><div class=\"wp-block-media-text__content\">\n<p class=\"has-small-font-size\"><strong>Ane Aranburu Segurola<\/strong> (1986, Azpeitia). Desde peque\u00f1a he disfrutado mucho en los caser\u00edos de mis padres. Amante de los animales y la naturaleza. Aunque tengo estudios en comunicaci\u00f3n y educaci\u00f3n, en 2014 puse en marcha, junto a mi pareja, el proyecto del gallinero Ertxi\u00f1eko. Adem\u00e1s de las gallinas tenemos yeguas, ovejas y burros pero el principal pilar de nuestra actividad ganadera es la producci\u00f3n y venta de huevos ecol\u00f3gicos. Pertenezco a Biolur desde 2014 y formo parte del grupo motor de Amillubi.      <\/p>\n<\/div><\/div>\n\n\n\n<div class=\"wp-block-media-text is-stacked-on-mobile\" style=\"grid-template-columns:34% auto\"><figure class=\"wp-block-media-text__media\"><img loading=\"lazy\" decoding=\"async\" width=\"853\" height=\"853\" src=\"https:\/\/amillubi.eus\/wp-content\/uploads\/2024\/11\/Marta_Barba.jpeg\" alt=\"\" class=\"wp-image-1075 size-full\" srcset=\"https:\/\/amillubi.eus\/wp-content\/uploads\/2024\/11\/Marta_Barba.jpeg 853w, https:\/\/amillubi.eus\/wp-content\/uploads\/2024\/11\/Marta_Barba-300x300.jpeg 300w, https:\/\/amillubi.eus\/wp-content\/uploads\/2024\/11\/Marta_Barba-150x150.jpeg 150w, https:\/\/amillubi.eus\/wp-content\/uploads\/2024\/11\/Marta_Barba-768x768.jpeg 768w\" sizes=\"auto, (max-width: 853px) 100vw, 853px\" \/><\/figure><div class=\"wp-block-media-text__content\">\n<p class=\"has-small-font-size\"><strong>Marta Barba Gass\u00f3<\/strong> (L\u2019Hospitalet del Llobregat, 1988). Siendo de una gran ciudad, la militancia y la conciencia poli\u0301tica y ecolo\u0301gica me han acercado a la agroecologi\u0301a. En los u\u0301ltimos an\u0303os he militado en colectivos para la defensa del territorio, en el transfeminismo y en proyectos de produccio\u0301n colectiva para el autoconsumo y, en el a\u0301mbito laboral, los u\u0301ltimos an\u0303os los he pasado en la antropologi\u0301a feminista y en la asociacio\u0301n Aleka. Desde esa experiencia tanto militante como laboral me gustari\u0301a hacer mi aportacio\u0301n a Amillubi. Hoy en di\u0301a, en tareas de coordinacio\u0301n.    <\/p>\n<\/div><\/div>\n\n\n\n<div class=\"wp-block-media-text is-stacked-on-mobile\" style=\"grid-template-columns:35% auto\"><figure class=\"wp-block-media-text__media\"><img loading=\"lazy\" decoding=\"async\" width=\"1024\" height=\"1024\" src=\"https:\/\/amillubi.eus\/wp-content\/uploads\/2024\/10\/1000097273-1024x1024.jpg\" alt=\"\" class=\"wp-image-831 size-full\" srcset=\"https:\/\/amillubi.eus\/wp-content\/uploads\/2024\/10\/1000097273-1024x1024.jpg 1024w, https:\/\/amillubi.eus\/wp-content\/uploads\/2024\/10\/1000097273-300x300.jpg 300w, https:\/\/amillubi.eus\/wp-content\/uploads\/2024\/10\/1000097273-150x150.jpg 150w, https:\/\/amillubi.eus\/wp-content\/uploads\/2024\/10\/1000097273-768x769.jpg 768w, https:\/\/amillubi.eus\/wp-content\/uploads\/2024\/10\/1000097273.jpg 1187w\" sizes=\"auto, (max-width: 1024px) 100vw, 1024px\" \/><\/figure><div class=\"wp-block-media-text__content\">\n<p class=\"has-small-font-size\"><strong>Nere Aspiazu Bascaran <\/strong>(Bergara, 1988). Licenciada en Ciencias Ambientales, desde 2013 trabajo como agricultora en el proyecto Eskubaratz. No he tenido relaci\u00f3n directa con el caser\u00edo a trav\u00e9s de mi familia, pero siempre me ha atra\u00eddo la horticultura. Actualmente soy miembro de la junta de Biolur y miembro de ATE desde el comienzo. Con el proyecto Amillubi quiero impulsar relevos agr\u00edcolas reales y dignos.    <\/p>\n<\/div><\/div>\n\n\n\n<div class=\"wp-block-media-text is-stacked-on-mobile\" style=\"grid-template-columns:34% auto\"><figure class=\"wp-block-media-text__media\"><img loading=\"lazy\" decoding=\"async\" width=\"807\" height=\"807\" src=\"https:\/\/amillubi.eus\/wp-content\/uploads\/2024\/10\/1000097274-1.jpg\" alt=\"\" class=\"wp-image-839 size-full\" srcset=\"https:\/\/amillubi.eus\/wp-content\/uploads\/2024\/10\/1000097274-1.jpg 807w, https:\/\/amillubi.eus\/wp-content\/uploads\/2024\/10\/1000097274-1-300x300.jpg 300w, https:\/\/amillubi.eus\/wp-content\/uploads\/2024\/10\/1000097274-1-150x150.jpg 150w, https:\/\/amillubi.eus\/wp-content\/uploads\/2024\/10\/1000097274-1-768x768.jpg 768w\" sizes=\"auto, (max-width: 807px) 100vw, 807px\" \/><\/figure><div class=\"wp-block-media-text__content\">\n<p class=\"has-small-font-size\"><strong>Ioritz Igarataundi Arregi<\/strong> (Azpeitia, 1989). Nac\u00ed en el caser\u00edo Komuntzo, de donde procede mi apodo. Tras completar los estudios de \u00abGesti\u00f3n del medio forestal y natural\u00bb en Fraisoro, en 2013 fund\u00e9, junto a mi pareja Aiora, la granja ecol\u00f3gica Sakona. Tenemos, entre otros, un reba\u00f1o, huertas y frutales. Destinamos nuestros productos l\u00e1cteos y hortalizas a mercados, peque\u00f1os comercios y grupos de consumo. Tenemos nuestra producci\u00f3n en los terrenos colindantes Amillubi. Llevo volcado en el proyecto desde sus inicios.       <\/p>\n<\/div><\/div>\n\n\n\n<div class=\"wp-block-media-text is-stacked-on-mobile is-vertically-aligned-center\" style=\"grid-template-columns:34% auto\"><figure class=\"wp-block-media-text__media\"><img loading=\"lazy\" decoding=\"async\" width=\"1024\" height=\"1024\" src=\"https:\/\/amillubi.eus\/wp-content\/uploads\/2024\/10\/1000097272-1-1024x1024.jpg\" alt=\"\" class=\"wp-image-837 size-full\" srcset=\"https:\/\/amillubi.eus\/wp-content\/uploads\/2024\/10\/1000097272-1-1024x1024.jpg 1024w, https:\/\/amillubi.eus\/wp-content\/uploads\/2024\/10\/1000097272-1-300x300.jpg 300w, https:\/\/amillubi.eus\/wp-content\/uploads\/2024\/10\/1000097272-1-150x150.jpg 150w, https:\/\/amillubi.eus\/wp-content\/uploads\/2024\/10\/1000097272-1-768x768.jpg 768w, https:\/\/amillubi.eus\/wp-content\/uploads\/2024\/10\/1000097272-1.jpg 1048w\" sizes=\"auto, (max-width: 1024px) 100vw, 1024px\" \/><\/figure><div class=\"wp-block-media-text__content\">\n<p class=\"has-text-align-left has-small-font-size\"><strong>Leire Ibarretxe Anuntzibai <\/strong>(Galdakao, 1975). Estudi\u00e9 ingenier\u00eda agr\u00f3noma y he seguido el camino de la producci\u00f3n ecol\u00f3gica participando en diferentes proyectos agroecol\u00f3gicos. Desde 2005 soy miembro y trabajadora de Biolur Gipuzkoa, colaborando en la dinamizaci\u00f3n del grupo de horticultura y en labores t\u00e9cnicas de producci\u00f3n. Entendiendo el cuidado colectivo de la Tierra y la biodiversidad como eje de la vida, formo parte del grupo motor de Amillubi.    <\/p>\n<\/div><\/div>\n\n\n\n<div class=\"wp-block-media-text is-stacked-on-mobile\" style=\"grid-template-columns:34% auto\"><figure class=\"wp-block-media-text__media\"><img loading=\"lazy\" decoding=\"async\" width=\"973\" height=\"972\" src=\"https:\/\/amillubi.eus\/wp-content\/uploads\/2024\/10\/1000097271-1.jpg\" alt=\"\" class=\"wp-image-838 size-full\" srcset=\"https:\/\/amillubi.eus\/wp-content\/uploads\/2024\/10\/1000097271-1.jpg 973w, https:\/\/amillubi.eus\/wp-content\/uploads\/2024\/10\/1000097271-1-300x300.jpg 300w, https:\/\/amillubi.eus\/wp-content\/uploads\/2024\/10\/1000097271-1-150x150.jpg 150w, https:\/\/amillubi.eus\/wp-content\/uploads\/2024\/10\/1000097271-1-768x767.jpg 768w\" sizes=\"auto, (max-width: 973px) 100vw, 973px\" \/><\/figure><div class=\"wp-block-media-text__content\">\n<p class=\"has-small-font-size\"><strong>Mirian Arrizabalaga Badiola<\/strong> (Itziar, 1983). Nac\u00ed en el caser\u00edo Doniene Haundi, mi familia me transmiti\u00f3 el amor por el cuidado de la tierra y los animales. Estudi\u00e9 I.T. de pol\u00edmeros, pero siempre he compaginado mi vida con el caser\u00edo. En 2009 me inici\u00e9 en la horticultura ecol\u00f3gica junto a mi hermana y somos miembros de Biolur desde entonces. Formo parte del grupo motor de Amillubi porque es posible y necesaria una agricultura vital, adaptada al entorno, a los animales y a la gente.    <\/p>\n<\/div><\/div>\n\n\n\n<div class=\"wp-block-media-text is-stacked-on-mobile\" style=\"grid-template-columns:34% auto\"><figure class=\"wp-block-media-text__media\"><img loading=\"lazy\" decoding=\"async\" width=\"989\" height=\"1024\" src=\"https:\/\/amillubi.eus\/wp-content\/uploads\/2024\/07\/Ione-Larrago-989x1024.jpeg\" alt=\"\" class=\"wp-image-815 size-full\" srcset=\"https:\/\/amillubi.eus\/wp-content\/uploads\/2024\/07\/Ione-Larrago-989x1024.jpeg 989w, https:\/\/amillubi.eus\/wp-content\/uploads\/2024\/07\/Ione-Larrago-290x300.jpeg 290w, https:\/\/amillubi.eus\/wp-content\/uploads\/2024\/07\/Ione-Larrago-768x795.jpeg 768w, https:\/\/amillubi.eus\/wp-content\/uploads\/2024\/07\/Ione-Larrago.jpeg 1236w\" sizes=\"auto, (max-width: 989px) 100vw, 989px\" \/><\/figure><div class=\"wp-block-media-text__content\">\n<p class=\"has-small-font-size\"><br><strong>Ione Larra\u00f1aga Gorritxo<\/strong> (1993, Antzuola). Ilustradora y labradora. Nac\u00ed\/crec\u00ed en el caser\u00edo Lapatza, con padres agricultores. Tras estudiar el grado de Bellas Artes e ilustraci\u00f3n regres\u00e9 a mi pueblo y actualmente vivo combinando ambos trabajos. Creo en una agroecolog\u00eda y un mundo ecofeminista. Formo parte del grupo motor de Amillubi.     <\/p>\n<\/div><\/div>\n\n\n\n<div class=\"wp-block-media-text is-stacked-on-mobile\" style=\"grid-template-columns:34% auto\"><figure class=\"wp-block-media-text__media\"><img loading=\"lazy\" decoding=\"async\" width=\"1024\" height=\"1024\" src=\"https:\/\/amillubi.eus\/wp-content\/uploads\/2024\/07\/Lide-Jimenez-1-1024x1024.jpeg\" alt=\"\" class=\"wp-image-818 size-full\" srcset=\"https:\/\/amillubi.eus\/wp-content\/uploads\/2024\/07\/Lide-Jimenez-1-1024x1024.jpeg 1024w, https:\/\/amillubi.eus\/wp-content\/uploads\/2024\/07\/Lide-Jimenez-1-300x300.jpeg 300w, https:\/\/amillubi.eus\/wp-content\/uploads\/2024\/07\/Lide-Jimenez-1-150x150.jpeg 150w, https:\/\/amillubi.eus\/wp-content\/uploads\/2024\/07\/Lide-Jimenez-1-768x768.jpeg 768w, https:\/\/amillubi.eus\/wp-content\/uploads\/2024\/07\/Lide-Jimenez-1.jpeg 1280w\" sizes=\"auto, (max-width: 1024px) 100vw, 1024px\" \/><\/figure><div class=\"wp-block-media-text__content\">\n<p class=\"has-small-font-size\"><br><strong>Lide Jimenez Bujanda<\/strong> (1988, Donostia). Tras estudiar biolog\u00eda trabaj\u00e9 durante a\u00f1os en la conservaci\u00f3n de animales silvestres en la Universidad del Pa\u00eds Vasco. Actualmente soy profesora de Biolog\u00eda. Siempre he disfrutado de la relaci\u00f3n con la naturaleza y creo en una sociedad que combine la conservaci\u00f3n de la naturaleza y el bienestar de los seres humanos. Formo parte del grupo motor porque veo que el proyecto Amillubi puede servir de ejemplo en ese camino.    <\/p>\n<\/div><\/div>\n\n\n\n<div class=\"wp-block-media-text is-stacked-on-mobile\" style=\"grid-template-columns:34% auto\"><figure class=\"wp-block-media-text__media\"><img loading=\"lazy\" decoding=\"async\" width=\"853\" height=\"853\" src=\"https:\/\/amillubi.eus\/wp-content\/uploads\/2024\/10\/1000097279.jpg\" alt=\"\" class=\"wp-image-997 size-full\" srcset=\"https:\/\/amillubi.eus\/wp-content\/uploads\/2024\/10\/1000097279.jpg 853w, https:\/\/amillubi.eus\/wp-content\/uploads\/2024\/10\/1000097279-300x300.jpg 300w, https:\/\/amillubi.eus\/wp-content\/uploads\/2024\/10\/1000097279-150x150.jpg 150w, https:\/\/amillubi.eus\/wp-content\/uploads\/2024\/10\/1000097279-768x768.jpg 768w\" sizes=\"auto, (max-width: 853px) 100vw, 853px\" \/><\/figure><div class=\"wp-block-media-text__content\">\n<p class=\"has-small-font-size\"><br><strong>Mirene Begiristain Zubillaga<\/strong> (1972, Andoain). Vivo en Getaria, donde se ubica tambi\u00e9n el proyecto agroecol\u00f3gico Zainak, del que formo parte, y donde estamos trabajando en la producci\u00f3n de frutales, plantas medicinales y condimentos, y tambi\u00e9n apicultura. Soy Doctora en Econom\u00eda y trabajo como profesora e investigadora en la Universidad del Pa\u00eds Vasco (UPV\/EHU). Mi principal l\u00ednea de investigaci\u00f3n se centra en el estudio de los sistemas agroalimentarios, desde una perspectiva agroecol\u00f3gica y ecofeminista. Desde 1995 soy miembro de Biolur y participo activamente en el grupo promotor de Amillubi. Estoy convencida de que el grado de soberan\u00eda de un pueblo depende del tipo de conexi\u00f3n que tenga con la tierra.<\/p>\n<\/div><\/div>\n\n\n\n<div class=\"wp-block-media-text is-stacked-on-mobile\" style=\"grid-template-columns:34% auto\"><figure class=\"wp-block-media-text__media\"><img loading=\"lazy\" decoding=\"async\" width=\"760\" height=\"708\" src=\"https:\/\/amillubi.eus\/wp-content\/uploads\/2024\/11\/WhatsApp-Image-2024-11-30-at-09.37.28-1.jpeg\" alt=\"\" class=\"wp-image-1136 size-full\" srcset=\"https:\/\/amillubi.eus\/wp-content\/uploads\/2024\/11\/WhatsApp-Image-2024-11-30-at-09.37.28-1.jpeg 760w, https:\/\/amillubi.eus\/wp-content\/uploads\/2024\/11\/WhatsApp-Image-2024-11-30-at-09.37.28-1-300x279.jpeg 300w\" sizes=\"auto, (max-width: 760px) 100vw, 760px\" \/><\/figure><div class=\"wp-block-media-text__content\">\n<p class=\"has-small-font-size\"><br><strong>Estitxu Eizagirre Kerejeta <\/strong>(Hernani, 1979). Siendo de ciudad, fue mi aubela la que me transmitio el conocimiento y el respeto a los hacia los baserritarras. Vivo en Larraul y tengo una parcela que cultivo menos de lo necesario para que llegue a ser huerta y que me da en la misma medida, pero que aun y todo amo. Trabajo en ARGIA desde que termine los estudios de periodismo, actualmente pertenezco al grupo de trabajo Bizi Baratzea y una de las aportaciones que hacemos al proyecto de Amillubi es formar parte de este Grupo Motor. \u00bfPor qu\u00e9? Porque Amillubi es estrat\u00e9gico para la soberan\u00eda del Euskal Herria.<\/p>\n<\/div><\/div>\n","protected":false},"excerpt":{"rendered":"<p>Ane Rivas Martinez (Arrasate, 1993). No conoc\u00ed el reba\u00f1o de mis abuelos, pero desde peque\u00f1a me he interesado mucho por la ganader\u00eda. He estudiado veterinaria y actualmente soy trabajadora de BIOLUR. Creo en la agroecolog\u00eda como modelo respetuoso con los animales y la tierra. Soy miembro de Amillubi porque veo la necesidad de crear un [&hellip;]<\/p>\n","protected":false},"author":2,"featured_media":0,"parent":0,"menu_order":0,"comment_status":"closed","ping_status":"closed","template":"","meta":{"footnotes":""},"class_list":["post-1078","page","type-page","status-publish","hentry"],"_links":{"self":[{"href":"https:\/\/amillubi.eus\/es\/wp-json\/wp\/v2\/pages\/1078","targetHints":{"allow":["GET"]}}],"collection":[{"href":"https:\/\/amillubi.eus\/es\/wp-json\/wp\/v2\/pages"}],"about":[{"href":"https:\/\/amillubi.eus\/es\/wp-json\/wp\/v2\/types\/page"}],"author":[{"embeddable":true,"href":"https:\/\/amillubi.eus\/es\/wp-json\/wp\/v2\/users\/2"}],"replies":[{"embeddable":true,"href":"https:\/\/amillubi.eus\/es\/wp-json\/wp\/v2\/comments?post=1078"}],"version-history":[{"count":8,"href":"https:\/\/amillubi.eus\/es\/wp-json\/wp\/v2\/pages\/1078\/revisions"}],"predecessor-version":[{"id":1140,"href":"https:\/\/amillubi.eus\/es\/wp-json\/wp\/v2\/pages\/1078\/revisions\/1140"}],"wp:attachment":[{"href":"https:\/\/amillubi.eus\/es\/wp-json\/wp\/v2\/media?parent=1078"}],"curies":[{"name":"wp","href":"https:\/\/api.w.org\/{rel}","templated":true}]}}